{"id":5841,"date":"2023-07-12T15:43:03","date_gmt":"2023-07-12T15:43:03","guid":{"rendered":"https:\/\/discos-redondos.es\/?post_type=product&#038;p=5841"},"modified":"2026-01-31T18:28:55","modified_gmt":"2026-01-31T18:28:55","slug":"underpool-collective-esto-si-se-llama-querer","status":"publish","type":"product","link":"https:\/\/discos-redondos.es\/ca\/producte\/underpool-collective-esto-si-se-llama-querer","title":{"rendered":"Underpool Collective &#8211; Esto S\u00ed Se Llama Querer"},"content":{"rendered":"<p><strong>Underpool Collective &#8211; Esto S\u00ed Se Llama Querer<\/strong><\/p>\n<p><strong>Tracklist<\/strong><\/p>\n<table class=\"playlist\">\n<thead class=\"sr-only\">\n<tr>\n<th>Position<\/th>\n<th>Artists<\/th>\n<th>Title<\/th>\n<th><\/th>\n<\/tr>\n<\/thead>\n<tbody>\n<tr class=\"first tracklist_track track\" data-track-position=\"1\">\n<td class=\"tracklist_track_pos\">1<\/td>\n<td class=\"tracklist_track_artists\">Lucia Fumero,\u00a0Martin Leiton<\/td>\n<td class=\"track tracklist_track_title mini_playlist_track_has_artist\"><span class=\"tracklist_track_title\">Mi Amor Fugaz<\/span><\/td>\n<td class=\"tracklist_track_duration\" width=\"25\"><\/td>\n<\/tr>\n<tr class=\"tracklist_track track\" data-track-position=\"2\">\n<td class=\"tracklist_track_pos\">2<\/td>\n<td class=\"tracklist_track_artists\">Rub\u00e9n Fern\u00e1ndez,\u00a0N\u00e9stor Gim\u00e9nez<\/td>\n<td class=\"track tracklist_track_title mini_playlist_track_has_artist\"><span class=\"tracklist_track_title\">Encadenados<\/span><\/td>\n<td class=\"tracklist_track_duration\" width=\"25\"><\/td>\n<\/tr>\n<tr class=\"tracklist_track track\" data-track-position=\"3\">\n<td class=\"tracklist_track_pos\">3<\/td>\n<td class=\"tracklist_track_artists\">Ester Quevedo,\u00a0Mayte Alguacil<\/td>\n<td class=\"track tracklist_track_title mini_playlist_track_has_artist\"><span class=\"tracklist_track_title\">Te Me Olvidas<\/span><\/td>\n<td class=\"tracklist_track_duration\" width=\"25\"><\/td>\n<\/tr>\n<tr class=\"tracklist_track track\" data-track-position=\"4\">\n<td class=\"tracklist_track_pos\">4<\/td>\n<td class=\"tracklist_track_artists\">Lluis Vidal,\u00a0Eva Fern\u00e1ndez<\/td>\n<td class=\"track tracklist_track_title mini_playlist_track_has_artist\"><span class=\"tracklist_track_title\">Negrura<\/span><\/td>\n<td class=\"tracklist_track_duration\" width=\"25\"><\/td>\n<\/tr>\n<tr class=\"tracklist_track track\" data-track-position=\"5\">\n<td class=\"tracklist_track_pos\">5<\/td>\n<td class=\"tracklist_track_artists\">Rita Pay\u00e9s,\u00a0Jordi Matas<\/td>\n<td class=\"track tracklist_track_title mini_playlist_track_has_artist\"><span class=\"tracklist_track_title\">Esto S\u00ed Se Llama Querer<\/span><\/td>\n<td class=\"tracklist_track_duration\" width=\"25\"><\/td>\n<\/tr>\n<tr class=\"tracklist_track track\" data-track-position=\"6\">\n<td class=\"tracklist_track_pos\">6<\/td>\n<td class=\"tracklist_track_artists\">Marbis Manzanet,\u00a0Jaume Llombart<\/td>\n<td class=\"track tracklist_track_title mini_playlist_track_has_artist\"><span class=\"tracklist_track_title\">Por Donde Pasas T\u00fa<\/span><\/td>\n<td class=\"tracklist_track_duration\" width=\"25\"><\/td>\n<\/tr>\n<tr class=\"tracklist_track track\" data-track-position=\"7\">\n<td class=\"tracklist_track_pos\">7<\/td>\n<td class=\"tracklist_track_artists\">Miquel Casals,\u00a0\u00c0leex Cassanyes<\/td>\n<td class=\"track tracklist_track_title mini_playlist_track_has_artist\"><span class=\"tracklist_track_title\">Cita a las Seis<\/span><\/td>\n<td class=\"tracklist_track_duration\" width=\"25\"><\/td>\n<\/tr>\n<tr class=\"tracklist_track track\" data-track-position=\"8\">\n<td class=\"tracklist_track_pos\">8<\/td>\n<td class=\"tracklist_track_artists\">Yadira Ferrer,\u00a0Roger Mas<\/td>\n<td class=\"track tracklist_track_title mini_playlist_track_has_artist\"><span class=\"tracklist_track_title\">Duele<\/span><\/td>\n<td class=\"tracklist_track_duration\" width=\"25\"><\/td>\n<\/tr>\n<tr class=\"tracklist_track track\" data-track-position=\"9\">\n<td class=\"tracklist_track_pos\">9<\/td>\n<td class=\"tracklist_track_artists\">Juan Carlos Pi\u00f1ol,\u00a0Alfred Artigas<\/td>\n<td class=\"track tracklist_track_title mini_playlist_track_has_artist\"><span class=\"tracklist_track_title\">Triste, Muy Triste<\/span><\/td>\n<td class=\"tracklist_track_duration\" width=\"25\"><\/td>\n<\/tr>\n<tr class=\"tracklist_track track\" data-track-position=\"10\">\n<td class=\"tracklist_track_pos\">10<\/td>\n<td class=\"tracklist_track_artists\">Carme Canela,\u00a0Toni Vaquer<\/td>\n<td class=\"track tracklist_track_title mini_playlist_track_has_artist\"><span class=\"tracklist_track_title\">Qu\u00e9 Sabes T\u00fa<\/span><\/td>\n<td class=\"tracklist_track_duration\" width=\"25\"><\/td>\n<\/tr>\n<tr class=\"tracklist_track track\" data-track-position=\"11\">\n<td class=\"tracklist_track_pos\">11<\/td>\n<td class=\"tracklist_track_artists\">Laia Cagigal,\u00a0Javier Galiana<\/td>\n<td class=\"track tracklist_track_title mini_playlist_track_has_artist\"><span class=\"tracklist_track_title\">Alitas Rotas<\/span><\/td>\n<td class=\"tracklist_track_duration\" width=\"25\"><\/td>\n<\/tr>\n<tr class=\"tracklist_track track\" data-track-position=\"12\">\n<td class=\"tracklist_track_pos\">12<\/td>\n<td class=\"tracklist_track_artists\">Silvia Perez Cruz,\u00a0Alfred Artigas<\/td>\n<td class=\"track tracklist_track_title mini_playlist_track_has_artist\"><span class=\"tracklist_track_title\">El\u00a0<\/span><\/td>\n<\/tr>\n<\/tbody>\n<\/table>\n<p>&nbsp;<\/p>\n<p><iframe loading=\"lazy\" title=\"Esto S\u00ed Se Llama Querer\" width=\"832\" height=\"624\" src=\"https:\/\/www.youtube.com\/embed\/lYF3IgUp9J4?feature=oembed\" frameborder=\"0\" allow=\"accelerometer; autoplay; clipboard-write; encrypted-media; gyroscope; picture-in-picture; web-share\" referrerpolicy=\"strict-origin-when-cross-origin\" allowfullscreen><\/iframe><\/p>\n<p>&nbsp;<\/p>\n<p><strong>Underpool Collective &#8211; Esto S\u00ed Se Llama Querer: <\/strong>Esto s\u00ed se llama querer \u00e9s un gran bolero col.lectiu. Un disc coral. Un retrat de familia. La seixantena de m\u00fasics que hi participen representa a una de les m\u00e9s actives escenes musical de casa nostra. Venen de diferents backgrounds i generacions per\u00f2 tots s\u00f3n, d&#8217;una manera o d&#8217;una altra, propers al segell.<\/p>\n<p>Sergi Felipe i Alfred Artigas han estat els productors d&#8217;aquest disc on 12 sorprenents duples de cantant i arranjador s&#8217;apropen a 12 boleros molt especials. Tots gravats o mesclats a l&#8217;estudi Underpool.<br \/>\nDes de l&#8217;Habana, Cuba, les veus de la Marbis Manzanet i d&#8217;en Juan Carlos Pi\u00f1ol es sumen al projecte en dos dels tributs.<\/p>\n<p>Els 12 boleros que formen aquest doble vinil s\u00f3n la celebraci\u00f3 compartida de la trajectoria del segell Underpool i tamb\u00e9 la fotografia sonora d&#8217;una escena musical que vibra, crea i viu, sovint oculta, a la ciutat de Barcelona.<\/p>\n<p>M\u00fasics que han participat:<\/p>\n<p>Adri\u00e0 Plana &#8211; guitarra<br \/>\nAlba Careta &#8211; trompeta<br \/>\n\u00c0lex Cassanyes &#8211; arranjador<br \/>\nAlfred Artigas \u2013 guitarra, veu i arranjador<br \/>\n\u00c0lvar Monfort \u2013 trompeta<br \/>\nAna Fern\u00e1ndez &#8211; viol\u00ed<br \/>\nAnna Llorens \u2013 cello<br \/>\nArmando Osuna Gradaille \u201cMandy\u201d- conga, bongo, cub de llauna<br \/>\nC\u00e1ndido Rodr\u00edguez \u2013 trompeta<br \/>\nCarme Canela \u2013 veu<br \/>\nDani P\u00e9rez Amboage \u2013 guitarra<br \/>\nDavid Mengual \u2013 contrabaix<br \/>\nDavid Xirgu \u2013 bateria<br \/>\nD\u00eddac Ru\u00edz \u2013 bougarabous, c\u00edtara i percussions<br \/>\nEster Quevedo \u2013 piano i arranjadora<br \/>\nEudald Pay\u00e9s \u2013 trompeta<br \/>\nEva Fern\u00e1dez \u2013 veu<br \/>\nEva Monroy \u2013 viol\u00ed<br \/>\nFernando Brox &#8211; flauta<br \/>\nGabriel Amargant \u2013 clarinet i saxo alt<br \/>\nIrene Reig \u2013saxo alt<br \/>\nJaume Llombart \u2013 guitarra, veu i arranjador<br \/>\nJavier Galiana- arranjador<br \/>\nJoan Mar Sauqu\u00e9 \u2013 trompeta<br \/>\nJoan Moll \u2013 bateria<br \/>\nJordi Guasp &#8211; trompa<br \/>\nJordi Matas \u2013 guitarra i arranjador<br \/>\nJorge Retuerta \u2013 viola<br \/>\nJorge Rossy &#8211; vibr\u00e0fon<br \/>\nJuan Carlos Pi\u00f1ol &#8211; veu<br \/>\nJuan Pablo Balc\u00e1zar \u2013 contrabaix<br \/>\nLaia Cagigal &#8211; veu<br \/>\nLaura Pacios\u2013 viol\u00ed<br \/>\nLluc Casares &#8211; clarinets<br \/>\nLlu\u00eds Vidal \u2013 piano i arranjador<br \/>\nLuc\u00eda Fumero \u2013 veu, piano i arranjadora<br \/>\nMarbis Manzanet \u2013 voz<br \/>\nMarc Ayza &#8211; bateria<br \/>\nMarc Cuevas &#8211; contrabaix<br \/>\nMarcel\u00b7l\u00ed Bayer \u2013 clarinet Baix<br \/>\nMarta Roma &#8211; violoncel<br \/>\nMart\u00edn Leiton- veu, guitarra, contrabaix i arranjador<br \/>\nMayte Alguacil \u2013 veu<br \/>\nMiguel Villar \u2018Pintxo\u2019\u2013 saxos<br \/>\nN\u00e9stor Gim\u00e9nez \u2013 piano i arranjador<br \/>\nNo\u00e8 Escol\u00e0 \u2013 saxo bar\u00edton<br \/>\nOriol Roca \u2013 bateria<br \/>\nPablo G\u00f3mez- congas<br \/>\nPablo Selnik &#8211; flauta<br \/>\nPau Lligades \u2013 contrabaix<br \/>\nPau Sala \u2013 baix<br \/>\nPedro Campos \u2013contrabaix<br \/>\nRita Pay\u00e9s \u2013veu i tromb\u00f3<br \/>\nRoger Mas \u2013 piano i arranjador<br \/>\nRoly Berr\u00edo \u2013 voz<br \/>\nRosa Garc\u00edas &#8211; flauta<br \/>\nRub\u00e9n Fern\u00e1ndez &#8211; veu<br \/>\nSanti Colomer &#8211; bateria<br \/>\nSergi Felipe &#8211; flauta<br \/>\nS\u00edlvia P\u00e9rez Cruz \u2013 veu i arranjadora<br \/>\nToni Vaquer &#8211; arranjador<br \/>\nVicent P\u00e9rez \u2013 tromb\u00f3<br \/>\nV\u00edctor Carrascosa -trompeta<br \/>\nYadira Ferrer \u2013 veu<\/p>\n<p>&nbsp;<\/p>","protected":false},"excerpt":{"rendered":"<p>Underpool Records \u2013 UNDP-050<\/p>\n<p>2 x LP en carpeta gatefold, edici\u00f3n limitada de 500 copias<\/p>","protected":false},"featured_media":5842,"template":"","meta":[],"product_brand":[],"product_cat":[81,85],"product_tag":[],"class_list":{"0":"post-5841","1":"product","2":"type-product","3":"status-publish","4":"has-post-thumbnail","6":"product_cat-brasil-latin","7":"product_cat-jazz-contemporaneo","9":"first","10":"instock","11":"taxable","12":"shipping-taxable","13":"purchasable","14":"product-type-simple"},"yoast_head":"<!-- This site is optimized with the Yoast SEO plugin v27.4 - https:\/\/yoast.com\/product\/yoast-seo-wordpress\/ -->\n<title>Underpool Collective - Esto S\u00ed Se Llama Querer - DISCOS REDONDOS<\/title>\n<meta name=\"description\" content=\"Underpool Collective - Esto S\u00ed Se Llama Querer - Underpool Records \u2013 UNDP-0502 x LP en carpeta gatefold, edici\u00f3n limitada de 500 copias\" \/>\n<meta name=\"robots\" content=\"index, follow, max-snippet:-1, max-image-preview:large, max-video-preview:-1\" \/>\n<link rel=\"canonical\" href=\"https:\/\/discos-redondos.es\/ca\/producte\/underpool-collective-esto-si-se-llama-querer\/\" \/>\n<meta property=\"og:locale\" content=\"ca_ES\" \/>\n<meta property=\"og:type\" content=\"article\" \/>\n<meta property=\"og:title\" content=\"Underpool Collective - Esto S\u00ed Se Llama Querer - DISCOS REDONDOS\" \/>\n<meta property=\"og:description\" content=\"Underpool Collective - Esto S\u00ed Se Llama Querer - Underpool Records \u2013 UNDP-0502 x LP en carpeta gatefold, edici\u00f3n limitada de 500 copias\" \/>\n<meta property=\"og:url\" content=\"https:\/\/discos-redondos.es\/ca\/producte\/underpool-collective-esto-si-se-llama-querer\/\" \/>\n<meta property=\"og:site_name\" content=\"DISCOS REDONDOS\" \/>\n<meta property=\"article:publisher\" content=\"https:\/\/www.facebook.com\/discosredondos45\" \/>\n<meta property=\"article:modified_time\" content=\"2026-01-31T18:28:55+00:00\" \/>\n<meta property=\"og:image\" content=\"https:\/\/discos-redondos.es\/wp-content\/uploads\/2023\/07\/Underpool-Collective-Esto-Si-Se-Llama-Querer.jpg\" \/>\n\t<meta property=\"og:image:width\" content=\"1200\" \/>\n\t<meta property=\"og:image:height\" content=\"1200\" \/>\n\t<meta property=\"og:image:type\" content=\"image\/jpeg\" \/>\n<meta name=\"twitter:card\" content=\"summary_large_image\" \/>\n<meta name=\"twitter:label1\" content=\"Temps estimat de lectura\" \/>\n\t<meta name=\"twitter:data1\" content=\"3 minuts\" \/>\n<script type=\"application\/ld+json\" class=\"yoast-schema-graph\">{\"@context\":\"https:\\\/\\\/schema.org\",\"@graph\":[{\"@type\":\"WebPage\",\"@id\":\"https:\\\/\\\/discos-redondos.es\\\/producto\\\/underpool-collective-esto-si-se-llama-querer\",\"url\":\"https:\\\/\\\/discos-redondos.es\\\/producto\\\/underpool-collective-esto-si-se-llama-querer\",\"name\":\"Underpool Collective - Esto S\u00ed Se Llama Querer - DISCOS REDONDOS\",\"isPartOf\":{\"@id\":\"https:\\\/\\\/discos-redondos.es\\\/#website\"},\"primaryImageOfPage\":{\"@id\":\"https:\\\/\\\/discos-redondos.es\\\/producto\\\/underpool-collective-esto-si-se-llama-querer#primaryimage\"},\"image\":{\"@id\":\"https:\\\/\\\/discos-redondos.es\\\/producto\\\/underpool-collective-esto-si-se-llama-querer#primaryimage\"},\"thumbnailUrl\":\"https:\\\/\\\/discos-redondos.es\\\/wp-content\\\/uploads\\\/2023\\\/07\\\/Underpool-Collective-Esto-Si-Se-Llama-Querer.jpg\",\"datePublished\":\"2023-07-12T15:43:03+00:00\",\"dateModified\":\"2026-01-31T18:28:55+00:00\",\"description\":\"Underpool Collective - Esto S\u00ed Se Llama Querer - Underpool Records \u2013 UNDP-0502 x LP en carpeta gatefold, edici\u00f3n limitada de 500 copias\",\"breadcrumb\":{\"@id\":\"https:\\\/\\\/discos-redondos.es\\\/producto\\\/underpool-collective-esto-si-se-llama-querer#breadcrumb\"},\"inLanguage\":\"ca\",\"potentialAction\":[{\"@type\":\"ReadAction\",\"target\":[\"https:\\\/\\\/discos-redondos.es\\\/producto\\\/underpool-collective-esto-si-se-llama-querer\"]}]},{\"@type\":\"ImageObject\",\"inLanguage\":\"ca\",\"@id\":\"https:\\\/\\\/discos-redondos.es\\\/producto\\\/underpool-collective-esto-si-se-llama-querer#primaryimage\",\"url\":\"https:\\\/\\\/discos-redondos.es\\\/wp-content\\\/uploads\\\/2023\\\/07\\\/Underpool-Collective-Esto-Si-Se-Llama-Querer.jpg\",\"contentUrl\":\"https:\\\/\\\/discos-redondos.es\\\/wp-content\\\/uploads\\\/2023\\\/07\\\/Underpool-Collective-Esto-Si-Se-Llama-Querer.jpg\",\"width\":1200,\"height\":1200,\"caption\":\"Underpool Collective - Esto S\u00ed Se Llama Querer\"},{\"@type\":\"BreadcrumbList\",\"@id\":\"https:\\\/\\\/discos-redondos.es\\\/producto\\\/underpool-collective-esto-si-se-llama-querer#breadcrumb\",\"itemListElement\":[{\"@type\":\"ListItem\",\"position\":1,\"name\":\"Portada\",\"item\":\"https:\\\/\\\/discos-redondos.es\\\/\"},{\"@type\":\"ListItem\",\"position\":2,\"name\":\"Tienda\",\"item\":\"https:\\\/\\\/discos-redondos.es\\\/?page_id=487\"},{\"@type\":\"ListItem\",\"position\":3,\"name\":\"Underpool Collective &#8211; Esto S\u00ed Se Llama Querer\"}]},{\"@type\":\"WebSite\",\"@id\":\"https:\\\/\\\/discos-redondos.es\\\/#website\",\"url\":\"https:\\\/\\\/discos-redondos.es\\\/\",\"name\":\"Discos Redondos\",\"description\":\"Tu tienda de discos en Barcelona\",\"publisher\":{\"@id\":\"https:\\\/\\\/discos-redondos.es\\\/#organization\"},\"alternateName\":\"Discos Redondos\",\"potentialAction\":[{\"@type\":\"SearchAction\",\"target\":{\"@type\":\"EntryPoint\",\"urlTemplate\":\"https:\\\/\\\/discos-redondos.es\\\/?s={search_term_string}\"},\"query-input\":{\"@type\":\"PropertyValueSpecification\",\"valueRequired\":true,\"valueName\":\"search_term_string\"}}],\"inLanguage\":\"ca\"},{\"@type\":\"Organization\",\"@id\":\"https:\\\/\\\/discos-redondos.es\\\/#organization\",\"name\":\"Discos Redondos\",\"url\":\"https:\\\/\\\/discos-redondos.es\\\/\",\"logo\":{\"@type\":\"ImageObject\",\"inLanguage\":\"ca\",\"@id\":\"https:\\\/\\\/discos-redondos.es\\\/#\\\/schema\\\/logo\\\/image\\\/\",\"url\":\"https:\\\/\\\/discos-redondos.es\\\/wp-content\\\/uploads\\\/2023\\\/04\\\/aaff-logo-raval-1-1.jpg\",\"contentUrl\":\"https:\\\/\\\/discos-redondos.es\\\/wp-content\\\/uploads\\\/2023\\\/04\\\/aaff-logo-raval-1-1.jpg\",\"width\":2362,\"height\":1441,\"caption\":\"Discos Redondos\"},\"image\":{\"@id\":\"https:\\\/\\\/discos-redondos.es\\\/#\\\/schema\\\/logo\\\/image\\\/\"},\"sameAs\":[\"https:\\\/\\\/www.facebook.com\\\/discosredondos45\",\"https:\\\/\\\/www.instagram.com\\\/discos.redondos33\\\/?hl=es\",\"https:\\\/\\\/discos-redondos.bandcamp.com\\\/\"]}]}<\/script>\n<!-- \/ Yoast SEO plugin. -->","yoast_head_json":{"title":"Underpool Collective - Esto S\u00ed Se Llama Querer - DISCOS REDONDOS","description":"Underpool Collective - Esto S\u00ed Se Llama Querer - Underpool Records \u2013 UNDP-0502 x LP en carpeta gatefold, edici\u00f3n limitada de 500 copias","robots":{"index":"index","follow":"follow","max-snippet":"max-snippet:-1","max-image-preview":"max-image-preview:large","max-video-preview":"max-video-preview:-1"},"canonical":"https:\/\/discos-redondos.es\/ca\/producte\/underpool-collective-esto-si-se-llama-querer\/","og_locale":"ca_ES","og_type":"article","og_title":"Underpool Collective - Esto S\u00ed Se Llama Querer - DISCOS REDONDOS","og_description":"Underpool Collective - Esto S\u00ed Se Llama Querer - Underpool Records \u2013 UNDP-0502 x LP en carpeta gatefold, edici\u00f3n limitada de 500 copias","og_url":"https:\/\/discos-redondos.es\/ca\/producte\/underpool-collective-esto-si-se-llama-querer\/","og_site_name":"DISCOS REDONDOS","article_publisher":"https:\/\/www.facebook.com\/discosredondos45","article_modified_time":"2026-01-31T18:28:55+00:00","og_image":[{"width":1200,"height":1200,"url":"https:\/\/discos-redondos.es\/wp-content\/uploads\/2023\/07\/Underpool-Collective-Esto-Si-Se-Llama-Querer.jpg","type":"image\/jpeg"}],"twitter_card":"summary_large_image","twitter_misc":{"Temps estimat de lectura":"3 minuts"},"schema":{"@context":"https:\/\/schema.org","@graph":[{"@type":"WebPage","@id":"https:\/\/discos-redondos.es\/producto\/underpool-collective-esto-si-se-llama-querer","url":"https:\/\/discos-redondos.es\/producto\/underpool-collective-esto-si-se-llama-querer","name":"Underpool Collective - Esto S\u00ed Se Llama Querer - DISCOS REDONDOS","isPartOf":{"@id":"https:\/\/discos-redondos.es\/#website"},"primaryImageOfPage":{"@id":"https:\/\/discos-redondos.es\/producto\/underpool-collective-esto-si-se-llama-querer#primaryimage"},"image":{"@id":"https:\/\/discos-redondos.es\/producto\/underpool-collective-esto-si-se-llama-querer#primaryimage"},"thumbnailUrl":"https:\/\/discos-redondos.es\/wp-content\/uploads\/2023\/07\/Underpool-Collective-Esto-Si-Se-Llama-Querer.jpg","datePublished":"2023-07-12T15:43:03+00:00","dateModified":"2026-01-31T18:28:55+00:00","description":"Underpool Collective - Esto S\u00ed Se Llama Querer - Underpool Records \u2013 UNDP-0502 x LP en carpeta gatefold, edici\u00f3n limitada de 500 copias","breadcrumb":{"@id":"https:\/\/discos-redondos.es\/producto\/underpool-collective-esto-si-se-llama-querer#breadcrumb"},"inLanguage":"ca","potentialAction":[{"@type":"ReadAction","target":["https:\/\/discos-redondos.es\/producto\/underpool-collective-esto-si-se-llama-querer"]}]},{"@type":"ImageObject","inLanguage":"ca","@id":"https:\/\/discos-redondos.es\/producto\/underpool-collective-esto-si-se-llama-querer#primaryimage","url":"https:\/\/discos-redondos.es\/wp-content\/uploads\/2023\/07\/Underpool-Collective-Esto-Si-Se-Llama-Querer.jpg","contentUrl":"https:\/\/discos-redondos.es\/wp-content\/uploads\/2023\/07\/Underpool-Collective-Esto-Si-Se-Llama-Querer.jpg","width":1200,"height":1200,"caption":"Underpool Collective - Esto S\u00ed Se Llama Querer"},{"@type":"BreadcrumbList","@id":"https:\/\/discos-redondos.es\/producto\/underpool-collective-esto-si-se-llama-querer#breadcrumb","itemListElement":[{"@type":"ListItem","position":1,"name":"Portada","item":"https:\/\/discos-redondos.es\/"},{"@type":"ListItem","position":2,"name":"Tienda","item":"https:\/\/discos-redondos.es\/?page_id=487"},{"@type":"ListItem","position":3,"name":"Underpool Collective &#8211; Esto S\u00ed Se Llama Querer"}]},{"@type":"WebSite","@id":"https:\/\/discos-redondos.es\/#website","url":"https:\/\/discos-redondos.es\/","name":"Discos Redondos","description":"La teva botiga de discos a Barcelona","publisher":{"@id":"https:\/\/discos-redondos.es\/#organization"},"alternateName":"Discos Redondos","potentialAction":[{"@type":"SearchAction","target":{"@type":"EntryPoint","urlTemplate":"https:\/\/discos-redondos.es\/?s={search_term_string}"},"query-input":{"@type":"PropertyValueSpecification","valueRequired":true,"valueName":"search_term_string"}}],"inLanguage":"ca"},{"@type":"Organization","@id":"https:\/\/discos-redondos.es\/#organization","name":"Discos Redondos","url":"https:\/\/discos-redondos.es\/","logo":{"@type":"ImageObject","inLanguage":"ca","@id":"https:\/\/discos-redondos.es\/#\/schema\/logo\/image\/","url":"https:\/\/discos-redondos.es\/wp-content\/uploads\/2023\/04\/aaff-logo-raval-1-1.jpg","contentUrl":"https:\/\/discos-redondos.es\/wp-content\/uploads\/2023\/04\/aaff-logo-raval-1-1.jpg","width":2362,"height":1441,"caption":"Discos Redondos"},"image":{"@id":"https:\/\/discos-redondos.es\/#\/schema\/logo\/image\/"},"sameAs":["https:\/\/www.facebook.com\/discosredondos45","https:\/\/www.instagram.com\/discos.redondos33\/?hl=es","https:\/\/discos-redondos.bandcamp.com\/"]}]}},"_links":{"self":[{"href":"https:\/\/discos-redondos.es\/ca\/wp-json\/wp\/v2\/product\/5841","targetHints":{"allow":["GET"]}}],"collection":[{"href":"https:\/\/discos-redondos.es\/ca\/wp-json\/wp\/v2\/product"}],"about":[{"href":"https:\/\/discos-redondos.es\/ca\/wp-json\/wp\/v2\/types\/product"}],"wp:featuredmedia":[{"embeddable":true,"href":"https:\/\/discos-redondos.es\/ca\/wp-json\/wp\/v2\/media\/5842"}],"wp:attachment":[{"href":"https:\/\/discos-redondos.es\/ca\/wp-json\/wp\/v2\/media?parent=5841"}],"wp:term":[{"taxonomy":"product_brand","embeddable":true,"href":"https:\/\/discos-redondos.es\/ca\/wp-json\/wp\/v2\/product_brand?post=5841"},{"taxonomy":"product_cat","embeddable":true,"href":"https:\/\/discos-redondos.es\/ca\/wp-json\/wp\/v2\/product_cat?post=5841"},{"taxonomy":"product_tag","embeddable":true,"href":"https:\/\/discos-redondos.es\/ca\/wp-json\/wp\/v2\/product_tag?post=5841"}],"curies":[{"name":"wp","href":"https:\/\/api.w.org\/{rel}","templated":true}]}}