{"id":7723,"date":"2024-08-02T16:03:18","date_gmt":"2024-08-02T16:03:18","guid":{"rendered":"https:\/\/discos-redondos.es\/?post_type=product&#038;p=7723"},"modified":"2026-03-14T11:18:35","modified_gmt":"2026-03-14T11:18:35","slug":"jesus-gomez-y-su-grupo","status":"publish","type":"product","link":"https:\/\/discos-redondos.es\/ca\/producte\/jesus-gomez-y-su-grupo","title":{"rendered":"Jes\u00fas G\u00f3mez y su Grupo"},"content":{"rendered":"<p><strong>Jes\u00fas G\u00f3mez y su Grupo<\/strong><\/p>\n<p><strong>Tracklist<\/strong><\/p>\n<table class=\"tracklist_3QGRS\">\n<tbody>\n<tr data-track-position=\"A1\">\n<td class=\"trackPos_2RCje\">A1<\/td>\n<td class=\"artist_3zAQD\"><\/td>\n<td class=\"trackTitle_CTKp4\"><span class=\"trackTitle_CTKp4\">Amor Falso<\/span><\/td>\n<\/tr>\n<tr data-track-position=\"A2\">\n<td class=\"trackPos_2RCje\">A2<\/td>\n<td class=\"artist_3zAQD\"><\/td>\n<td class=\"trackTitle_CTKp4\"><span class=\"trackTitle_CTKp4\">Sue\u00f1o De Ilusion<\/span><\/td>\n<\/tr>\n<tr data-track-position=\"A3\">\n<td class=\"trackPos_2RCje\">A3<\/td>\n<td class=\"artist_3zAQD\"><\/td>\n<td class=\"trackTitle_CTKp4\"><span class=\"trackTitle_CTKp4\">El Rey Del Timbal<\/span><\/td>\n<\/tr>\n<tr data-track-position=\"A4\">\n<td class=\"trackPos_2RCje\">A4<\/td>\n<td class=\"artist_3zAQD\"><\/td>\n<td class=\"trackTitle_CTKp4\"><span class=\"trackTitle_CTKp4\">Este Es Mi Ambiente<\/span><\/td>\n<\/tr>\n<tr data-track-position=\"A5\">\n<td class=\"trackPos_2RCje\">A5<\/td>\n<td class=\"artist_3zAQD\"><\/td>\n<td class=\"trackTitle_CTKp4\"><span class=\"trackTitle_CTKp4\">Loco Ilusion<\/span><\/td>\n<\/tr>\n<tr data-track-position=\"B1\">\n<td class=\"trackPos_2RCje\">B1<\/td>\n<td class=\"artist_3zAQD\"><\/td>\n<td class=\"trackTitle_CTKp4\"><span class=\"trackTitle_CTKp4\">Mamita<\/span><\/td>\n<\/tr>\n<tr data-track-position=\"B2\">\n<td class=\"trackPos_2RCje\">B2<\/td>\n<td class=\"artist_3zAQD\"><\/td>\n<td class=\"trackTitle_CTKp4\"><span class=\"trackTitle_CTKp4\">Ritmo Sabroso<\/span><\/td>\n<\/tr>\n<tr data-track-position=\"B3\">\n<td class=\"trackPos_2RCje\">B3<\/td>\n<td class=\"artist_3zAQD\"><\/td>\n<td class=\"trackTitle_CTKp4\"><span class=\"trackTitle_CTKp4\">Elida<\/span><\/td>\n<\/tr>\n<tr data-track-position=\"B4\">\n<td class=\"trackPos_2RCje\">B4<\/td>\n<td class=\"artist_3zAQD\"><\/td>\n<td class=\"trackTitle_CTKp4\"><span class=\"trackTitle_CTKp4\">Pensando En Tu Amor<\/span><\/td>\n<\/tr>\n<tr data-track-position=\"B5\">\n<td class=\"trackPos_2RCje\">B5<\/td>\n<td class=\"artist_3zAQD\"><\/td>\n<td class=\"trackTitle_CTKp4\"><span class=\"trackTitle_CTKp4\">Mi Musa<\/span><\/td>\n<\/tr>\n<\/tbody>\n<\/table>\n<p>&nbsp;<\/p>\n<p><iframe loading=\"lazy\" title=\"Este Es Mi Ambiente\" width=\"832\" height=\"624\" src=\"https:\/\/www.youtube.com\/embed\/y14xZ6EOVPg?feature=oembed\" frameborder=\"0\" allow=\"accelerometer; autoplay; clipboard-write; encrypted-media; gyroscope; picture-in-picture; web-share\" referrerpolicy=\"strict-origin-when-cross-origin\" allowfullscreen><\/iframe><\/p>\n<p>&nbsp;<\/p>\n<p><strong>Jes\u00fas G\u00f3mez y su Grupo<\/strong><\/p>\n<p>Jes\u00fas G\u00f3mez y su Grupo, ha sido durante d\u00e9cadas una joya imposible de encontrar, un tesoro musical adelantado a su tiempo con una voz portentosa. Jes\u00fas G\u00f3mez a\u00fan ni siquiera hab\u00eda cumplido la mayor\u00eda de edad cuando se lanz\u00f3 en la aventura de grabar y producir su propio disco, juntando temas de los principales ritmos afrolatinos del momento a los que aport\u00f3 toda su fant\u00e1stica explosi\u00f3n de creatividad. No hac\u00eda mucho se hab\u00eda ganado el ep\u00edteto de \u201cEl ni\u00f1o prodigio de la canci\u00f3n\u201d lo que le llev\u00f3 a explorar y ganar recorrido por los caminos de la m\u00fasica desde su juventud, una pasi\u00f3n, pero tambi\u00e9n un oficio, que le hab\u00eda inculcado su madre desde peque\u00f1o y que comparti\u00f3 con otros miembros de su familia. Diferentes ritmos, estilos y aprendizajes curtieron a Jes\u00fas para que con tan solo 17 a\u00f1os pudiera entregarnos una obra fant\u00e1stica, con un sonido clarividente de salsa pura incluso antes de que se pusiera de moda llamar as\u00ed a este tipo de m\u00fasica.<\/p>\n<p>M\u00edticas visitas de artistas y orquestas venidas del Caribe fueron un catalizador para la aparici\u00f3n de representantes nacionales con alto nivel profesional que trabajaban los ritmos afrocaribe\u00f1os y venezolanos desde la d\u00e9cada de 1930 y que perdurar\u00edan por mucho tiempo, dejando una huella indeleble como la Sonora Caracas, entre otras. Casi 40 a\u00f1os despu\u00e9s, en 1967, fruto de esta tradici\u00f3n ser\u00eda posible una obra moderna y aguerrida como este \u00e1lbum, una declaraci\u00f3n r\u00edtmica directa, en\u00e9rgica y rebosante de sabor de guaguanc\u00f3, boleros, descargas, rumbas y guaracha. Esta base es el terreno hiperf\u00e9rtil para la a\u00fan m\u00e1s alucinante voz de Jes\u00fas, de tonos agudos y extrema claridad, perfectamente afinada y a tono, una caracter\u00edstica que lo acompa\u00f1ar\u00e1 toda su vida, una bendici\u00f3n, podr\u00eda decirse.<\/p>\n<p>Propio de el esp\u00edritu inquieto que se entrev\u00e9 en este \u00e1lbum, entrelaza ritmos dentro de ritmos, como sucede en la singular y m\u00edtica \u201cLoca ilusi\u00f3n\u201d que de bolero pasa a salsa dura, dejando un viraje que deja un feeling razonablemente psicod\u00e9lico. No olvidemos que nos encontramos en un per\u00edodo previo al sonido de lo que ser\u00eda la salsa can\u00f3nica, incluso desde entonces, este j\u00f3ven venezolano, a nivel sonoro, ya revoloteaba sobre la melaza de los trombones. \u201cAmor falso\u201d, podr\u00eda encender ahora mismo en fuego cualquier pista de baile, un guaguanc\u00f3 caliente que deber\u00eda formar parte de la discoteca de cualquier DJ de m\u00fasica latina junto a grandes cl\u00e1sicos como \u201cTir\u00e1ndote flores\u201d.<\/p>\n<p>Jes\u00fas G\u00f3mez no es de quedarse corto, ni en estilo, ni en ritmo, un verdadero artista desde el principio tambi\u00e9n incluye temas de surf y de bossa nova, llevando su obra a otros territorios sin miedo. Jes\u00fas G\u00f3mez y su Grupo quiz\u00e1s fue el paso definitivo que le abri\u00f3 todas las puertas de una carrera brillante, pasar\u00eda a colaborar casi desde ese momento con incontables orquestas y artistas de alto renombre a nivel nacional e internacional, incluyendo la propia Sonora Caracas, ya hist\u00f3rica y a\u00fan en pie.<\/p>\n<p>Si este disco llega a tus manos tendr\u00e1s en \u00e9l un tesoro, pues se encuentra entre los m\u00e1s buscados de la historia de la m\u00fasica caribe\u00f1a, ha tomado m\u00e1s de 1 a\u00f1o de trabajo a El Palmas Music poder reeditar esta joya para que finalmente pueda ser accesible al mundo mientras sea posible, una obra clave en la historia de la salsa en Venezuela y una joya para el mundo.<\/p>\n<p>Released October 30, 2023<\/p>","protected":false},"excerpt":{"rendered":"<p>El Palmas Music, Discos America &#8211; LPA 2019, 4040824093068<\/p>\n<p>LP en vinilo negro y carpeta sencilla<\/p>","protected":false},"featured_media":7724,"template":"","meta":[],"product_brand":[],"product_cat":[81],"product_tag":[],"class_list":{"0":"post-7723","1":"product","2":"type-product","3":"status-publish","4":"has-post-thumbnail","6":"product_cat-brasil-latin","8":"first","9":"instock","10":"taxable","11":"shipping-taxable","12":"purchasable","13":"product-type-simple"},"yoast_head":"<!-- This site is optimized with the Yoast SEO plugin v27.4 - https:\/\/yoast.com\/product\/yoast-seo-wordpress\/ -->\n<title>Jes\u00fas G\u00f3mez y su Grupo - DISCOS REDONDOS<\/title>\n<meta name=\"description\" content=\"Jes\u00fas G\u00f3mez y su Grupo - El Palmas Music, Discos America - LPA 2019, 4040824093068 LP en vinilo negro y carpeta sencilla\" \/>\n<meta name=\"robots\" content=\"index, follow, max-snippet:-1, max-image-preview:large, max-video-preview:-1\" \/>\n<link rel=\"canonical\" href=\"https:\/\/discos-redondos.es\/ca\/producte\/jesus-gomez-y-su-grupo\/\" \/>\n<meta property=\"og:locale\" content=\"ca_ES\" \/>\n<meta property=\"og:type\" content=\"article\" \/>\n<meta property=\"og:title\" content=\"Jes\u00fas G\u00f3mez y su Grupo - DISCOS REDONDOS\" \/>\n<meta property=\"og:description\" content=\"Jes\u00fas G\u00f3mez y su Grupo - El Palmas Music, Discos America - LPA 2019, 4040824093068 LP en vinilo negro y carpeta sencilla\" \/>\n<meta property=\"og:url\" content=\"https:\/\/discos-redondos.es\/ca\/producte\/jesus-gomez-y-su-grupo\/\" \/>\n<meta property=\"og:site_name\" content=\"DISCOS REDONDOS\" \/>\n<meta property=\"article:publisher\" content=\"https:\/\/www.facebook.com\/discosredondos45\" \/>\n<meta property=\"article:modified_time\" content=\"2026-03-14T11:18:35+00:00\" \/>\n<meta property=\"og:image\" content=\"https:\/\/discos-redondos.es\/wp-content\/uploads\/2024\/08\/Jesus-Gomez-y-su-Grupo.jpg\" \/>\n\t<meta property=\"og:image:width\" content=\"1200\" \/>\n\t<meta property=\"og:image:height\" content=\"1200\" \/>\n\t<meta property=\"og:image:type\" content=\"image\/jpeg\" \/>\n<meta name=\"twitter:card\" content=\"summary_large_image\" \/>\n<meta name=\"twitter:label1\" content=\"Temps estimat de lectura\" \/>\n\t<meta name=\"twitter:data1\" content=\"3 minuts\" \/>\n<script type=\"application\/ld+json\" class=\"yoast-schema-graph\">{\"@context\":\"https:\\\/\\\/schema.org\",\"@graph\":[{\"@type\":\"WebPage\",\"@id\":\"https:\\\/\\\/discos-redondos.es\\\/producto\\\/jesus-gomez-y-su-grupo\",\"url\":\"https:\\\/\\\/discos-redondos.es\\\/producto\\\/jesus-gomez-y-su-grupo\",\"name\":\"Jes\u00fas G\u00f3mez y su Grupo - DISCOS REDONDOS\",\"isPartOf\":{\"@id\":\"https:\\\/\\\/discos-redondos.es\\\/#website\"},\"primaryImageOfPage\":{\"@id\":\"https:\\\/\\\/discos-redondos.es\\\/producto\\\/jesus-gomez-y-su-grupo#primaryimage\"},\"image\":{\"@id\":\"https:\\\/\\\/discos-redondos.es\\\/producto\\\/jesus-gomez-y-su-grupo#primaryimage\"},\"thumbnailUrl\":\"https:\\\/\\\/discos-redondos.es\\\/wp-content\\\/uploads\\\/2024\\\/08\\\/Jesus-Gomez-y-su-Grupo.jpg\",\"datePublished\":\"2024-08-02T16:03:18+00:00\",\"dateModified\":\"2026-03-14T11:18:35+00:00\",\"description\":\"Jes\u00fas G\u00f3mez y su Grupo - El Palmas Music, Discos America - LPA 2019, 4040824093068 LP en vinilo negro y carpeta sencilla\",\"breadcrumb\":{\"@id\":\"https:\\\/\\\/discos-redondos.es\\\/producto\\\/jesus-gomez-y-su-grupo#breadcrumb\"},\"inLanguage\":\"ca\",\"potentialAction\":[{\"@type\":\"ReadAction\",\"target\":[\"https:\\\/\\\/discos-redondos.es\\\/producto\\\/jesus-gomez-y-su-grupo\"]}]},{\"@type\":\"ImageObject\",\"inLanguage\":\"ca\",\"@id\":\"https:\\\/\\\/discos-redondos.es\\\/producto\\\/jesus-gomez-y-su-grupo#primaryimage\",\"url\":\"https:\\\/\\\/discos-redondos.es\\\/wp-content\\\/uploads\\\/2024\\\/08\\\/Jesus-Gomez-y-su-Grupo.jpg\",\"contentUrl\":\"https:\\\/\\\/discos-redondos.es\\\/wp-content\\\/uploads\\\/2024\\\/08\\\/Jesus-Gomez-y-su-Grupo.jpg\",\"width\":1200,\"height\":1200,\"caption\":\"Jes\u00fas G\u00f3mez y su Grupo\"},{\"@type\":\"BreadcrumbList\",\"@id\":\"https:\\\/\\\/discos-redondos.es\\\/producto\\\/jesus-gomez-y-su-grupo#breadcrumb\",\"itemListElement\":[{\"@type\":\"ListItem\",\"position\":1,\"name\":\"Portada\",\"item\":\"https:\\\/\\\/discos-redondos.es\\\/\"},{\"@type\":\"ListItem\",\"position\":2,\"name\":\"Tienda\",\"item\":\"https:\\\/\\\/discos-redondos.es\\\/?page_id=487\"},{\"@type\":\"ListItem\",\"position\":3,\"name\":\"Jes\u00fas G\u00f3mez y su Grupo\"}]},{\"@type\":\"WebSite\",\"@id\":\"https:\\\/\\\/discos-redondos.es\\\/#website\",\"url\":\"https:\\\/\\\/discos-redondos.es\\\/\",\"name\":\"Discos Redondos\",\"description\":\"Tu tienda de discos en Barcelona\",\"publisher\":{\"@id\":\"https:\\\/\\\/discos-redondos.es\\\/#organization\"},\"alternateName\":\"Discos Redondos\",\"potentialAction\":[{\"@type\":\"SearchAction\",\"target\":{\"@type\":\"EntryPoint\",\"urlTemplate\":\"https:\\\/\\\/discos-redondos.es\\\/?s={search_term_string}\"},\"query-input\":{\"@type\":\"PropertyValueSpecification\",\"valueRequired\":true,\"valueName\":\"search_term_string\"}}],\"inLanguage\":\"ca\"},{\"@type\":\"Organization\",\"@id\":\"https:\\\/\\\/discos-redondos.es\\\/#organization\",\"name\":\"Discos Redondos\",\"url\":\"https:\\\/\\\/discos-redondos.es\\\/\",\"logo\":{\"@type\":\"ImageObject\",\"inLanguage\":\"ca\",\"@id\":\"https:\\\/\\\/discos-redondos.es\\\/#\\\/schema\\\/logo\\\/image\\\/\",\"url\":\"https:\\\/\\\/discos-redondos.es\\\/wp-content\\\/uploads\\\/2023\\\/04\\\/aaff-logo-raval-1-1.jpg\",\"contentUrl\":\"https:\\\/\\\/discos-redondos.es\\\/wp-content\\\/uploads\\\/2023\\\/04\\\/aaff-logo-raval-1-1.jpg\",\"width\":2362,\"height\":1441,\"caption\":\"Discos Redondos\"},\"image\":{\"@id\":\"https:\\\/\\\/discos-redondos.es\\\/#\\\/schema\\\/logo\\\/image\\\/\"},\"sameAs\":[\"https:\\\/\\\/www.facebook.com\\\/discosredondos45\",\"https:\\\/\\\/www.instagram.com\\\/discos.redondos33\\\/?hl=es\",\"https:\\\/\\\/discos-redondos.bandcamp.com\\\/\"]}]}<\/script>\n<!-- \/ Yoast SEO plugin. -->","yoast_head_json":{"title":"Jes\u00fas G\u00f3mez y su Grupo - DISCOS REDONDOS","description":"Jes\u00fas G\u00f3mez y su Grupo - El Palmas Music, Discos America - LPA 2019, 4040824093068 LP en vinilo negro y carpeta sencilla","robots":{"index":"index","follow":"follow","max-snippet":"max-snippet:-1","max-image-preview":"max-image-preview:large","max-video-preview":"max-video-preview:-1"},"canonical":"https:\/\/discos-redondos.es\/ca\/producte\/jesus-gomez-y-su-grupo\/","og_locale":"ca_ES","og_type":"article","og_title":"Jes\u00fas G\u00f3mez y su Grupo - DISCOS REDONDOS","og_description":"Jes\u00fas G\u00f3mez y su Grupo - El Palmas Music, Discos America - LPA 2019, 4040824093068 LP en vinilo negro y carpeta sencilla","og_url":"https:\/\/discos-redondos.es\/ca\/producte\/jesus-gomez-y-su-grupo\/","og_site_name":"DISCOS REDONDOS","article_publisher":"https:\/\/www.facebook.com\/discosredondos45","article_modified_time":"2026-03-14T11:18:35+00:00","og_image":[{"width":1200,"height":1200,"url":"https:\/\/discos-redondos.es\/wp-content\/uploads\/2024\/08\/Jesus-Gomez-y-su-Grupo.jpg","type":"image\/jpeg"}],"twitter_card":"summary_large_image","twitter_misc":{"Temps estimat de lectura":"3 minuts"},"schema":{"@context":"https:\/\/schema.org","@graph":[{"@type":"WebPage","@id":"https:\/\/discos-redondos.es\/producto\/jesus-gomez-y-su-grupo","url":"https:\/\/discos-redondos.es\/producto\/jesus-gomez-y-su-grupo","name":"Jes\u00fas G\u00f3mez y su Grupo - DISCOS REDONDOS","isPartOf":{"@id":"https:\/\/discos-redondos.es\/#website"},"primaryImageOfPage":{"@id":"https:\/\/discos-redondos.es\/producto\/jesus-gomez-y-su-grupo#primaryimage"},"image":{"@id":"https:\/\/discos-redondos.es\/producto\/jesus-gomez-y-su-grupo#primaryimage"},"thumbnailUrl":"https:\/\/discos-redondos.es\/wp-content\/uploads\/2024\/08\/Jesus-Gomez-y-su-Grupo.jpg","datePublished":"2024-08-02T16:03:18+00:00","dateModified":"2026-03-14T11:18:35+00:00","description":"Jes\u00fas G\u00f3mez y su Grupo - El Palmas Music, Discos America - LPA 2019, 4040824093068 LP en vinilo negro y carpeta sencilla","breadcrumb":{"@id":"https:\/\/discos-redondos.es\/producto\/jesus-gomez-y-su-grupo#breadcrumb"},"inLanguage":"ca","potentialAction":[{"@type":"ReadAction","target":["https:\/\/discos-redondos.es\/producto\/jesus-gomez-y-su-grupo"]}]},{"@type":"ImageObject","inLanguage":"ca","@id":"https:\/\/discos-redondos.es\/producto\/jesus-gomez-y-su-grupo#primaryimage","url":"https:\/\/discos-redondos.es\/wp-content\/uploads\/2024\/08\/Jesus-Gomez-y-su-Grupo.jpg","contentUrl":"https:\/\/discos-redondos.es\/wp-content\/uploads\/2024\/08\/Jesus-Gomez-y-su-Grupo.jpg","width":1200,"height":1200,"caption":"Jes\u00fas G\u00f3mez y su Grupo"},{"@type":"BreadcrumbList","@id":"https:\/\/discos-redondos.es\/producto\/jesus-gomez-y-su-grupo#breadcrumb","itemListElement":[{"@type":"ListItem","position":1,"name":"Portada","item":"https:\/\/discos-redondos.es\/"},{"@type":"ListItem","position":2,"name":"Tienda","item":"https:\/\/discos-redondos.es\/?page_id=487"},{"@type":"ListItem","position":3,"name":"Jes\u00fas G\u00f3mez y su Grupo"}]},{"@type":"WebSite","@id":"https:\/\/discos-redondos.es\/#website","url":"https:\/\/discos-redondos.es\/","name":"Discos Redondos","description":"La teva botiga de discos a Barcelona","publisher":{"@id":"https:\/\/discos-redondos.es\/#organization"},"alternateName":"Discos Redondos","potentialAction":[{"@type":"SearchAction","target":{"@type":"EntryPoint","urlTemplate":"https:\/\/discos-redondos.es\/?s={search_term_string}"},"query-input":{"@type":"PropertyValueSpecification","valueRequired":true,"valueName":"search_term_string"}}],"inLanguage":"ca"},{"@type":"Organization","@id":"https:\/\/discos-redondos.es\/#organization","name":"Discos Redondos","url":"https:\/\/discos-redondos.es\/","logo":{"@type":"ImageObject","inLanguage":"ca","@id":"https:\/\/discos-redondos.es\/#\/schema\/logo\/image\/","url":"https:\/\/discos-redondos.es\/wp-content\/uploads\/2023\/04\/aaff-logo-raval-1-1.jpg","contentUrl":"https:\/\/discos-redondos.es\/wp-content\/uploads\/2023\/04\/aaff-logo-raval-1-1.jpg","width":2362,"height":1441,"caption":"Discos Redondos"},"image":{"@id":"https:\/\/discos-redondos.es\/#\/schema\/logo\/image\/"},"sameAs":["https:\/\/www.facebook.com\/discosredondos45","https:\/\/www.instagram.com\/discos.redondos33\/?hl=es","https:\/\/discos-redondos.bandcamp.com\/"]}]}},"_links":{"self":[{"href":"https:\/\/discos-redondos.es\/ca\/wp-json\/wp\/v2\/product\/7723","targetHints":{"allow":["GET"]}}],"collection":[{"href":"https:\/\/discos-redondos.es\/ca\/wp-json\/wp\/v2\/product"}],"about":[{"href":"https:\/\/discos-redondos.es\/ca\/wp-json\/wp\/v2\/types\/product"}],"wp:featuredmedia":[{"embeddable":true,"href":"https:\/\/discos-redondos.es\/ca\/wp-json\/wp\/v2\/media\/7724"}],"wp:attachment":[{"href":"https:\/\/discos-redondos.es\/ca\/wp-json\/wp\/v2\/media?parent=7723"}],"wp:term":[{"taxonomy":"product_brand","embeddable":true,"href":"https:\/\/discos-redondos.es\/ca\/wp-json\/wp\/v2\/product_brand?post=7723"},{"taxonomy":"product_cat","embeddable":true,"href":"https:\/\/discos-redondos.es\/ca\/wp-json\/wp\/v2\/product_cat?post=7723"},{"taxonomy":"product_tag","embeddable":true,"href":"https:\/\/discos-redondos.es\/ca\/wp-json\/wp\/v2\/product_tag?post=7723"}],"curies":[{"name":"wp","href":"https:\/\/api.w.org\/{rel}","templated":true}]}}